{"id":3,"date":"2020-04-06T15:49:01","date_gmt":"2020-04-06T15:49:01","guid":{"rendered":"https:\/\/luisveraoposiciones.com\/matriculas\/?page_id=3"},"modified":"2020-07-22T09:32:28","modified_gmt":"2020-07-22T09:32:28","slug":"politica-privacidad","status":"publish","type":"page","link":"https:\/\/luisveraoposiciones.com\/matriculas\/politica-privacidad\/","title":{"rendered":"Pol\u00edtica de privacidad"},"content":{"rendered":"<table>\n<tbody>\n<tr>\n<td>Responsable del tratamiento<\/td>\n<td>\n<p class=\"cell\">LUIS VERA OPOSICIONES SL<\/p>\n<\/td>\n<\/tr>\n<tr>\n<td>Direcci\u00f3n del responsable<\/td>\n<td>Avda. de Linares, 21-2\u00ba B<\/td>\n<\/tr>\n<tr>\n<td>Finalidad<\/td>\n<td>Sus datos ser\u00e1n usados para poder atender sus solicitudes y prestarle nuestros servicios.<\/td>\n<\/tr>\n<tr>\n<td>Publicidad<\/td>\n<td>Solo le enviaremos publicidad con su autorizaci\u00f3n previa, que podr\u00e1 facilitarnos mediante la casilla correspondiente establecida al efecto.<\/td>\n<\/tr>\n<tr>\n<td>Legitimaci\u00f3n<\/td>\n<td>\u00danicamente trataremos sus datos con su consentimiento previo, que podr\u00e1 facilitarnos mediante la casilla correspondiente establecida al efecto.<\/td>\n<\/tr>\n<tr>\n<td>Destinatarios<\/td>\n<td>Con car\u00e1cter general, s\u00f3lo el personal de nuestra entidad que est\u00e9 debidamente autorizado podr\u00e1 tener conocimiento de la informaci\u00f3n que le pedimos.<\/td>\n<\/tr>\n<tr>\n<td>Derechos<\/td>\n<td>Tiene derecho a saber qu\u00e9 informaci\u00f3n tenemos sobre usted, corregirla y eliminarla, tal y como se explica en la informaci\u00f3n adicional disponible en nuestra p\u00e1gina web.<\/td>\n<\/tr>\n<tr>\n<td>Informaci\u00f3n adicional<\/td>\n<td>M\u00e1s informaci\u00f3n en el apartado \u201cSUS DATOS SEGUROS\u201d de nuestra p\u00e1gina web.<\/td>\n<\/tr>\n<\/tbody>\n<\/table>\n<h2>Sus datos seguros<\/h2>\n<p>En Europa y en Espa\u00f1a existen normas de protecci\u00f3n de datos pensadas para proteger su informaci\u00f3n personal de obligado cumplimiento para nuestra entidad.<br \/>\nPor ello, es muy importante para nosotros que entienda perfectamente qu\u00e9 vamos a hacer con los datos personales que le pedimos.<br \/>\nAs\u00ed, seremos transparentes y le daremos el control de sus datos, con un lenguaje sencillo y opciones claras que le permitir\u00e1n decidir qu\u00e9 haremos con su informaci\u00f3n personal.<br \/>\nPor favor, si una vez le\u00edda la presente informaci\u00f3n le queda alguna duda, no dude en preguntarnos.<br \/>\nMuchas gracias por su colaboraci\u00f3n.<\/p>\n<h3><strong>\u00bfQui\u00e9nes somos?<\/strong><\/h3>\n<p>Nuestra denominaci\u00f3n: LUIS VERA OPOSICIONES SL<br \/>\nNuestro CIF \/ NIF: B23757248<\/p>\n<p>Nuestra actividad principal: Formaci\u00f3n<\/p>\n<p>Nuestra direcci\u00f3n: Avda. de Linares, 21-2\u00ba B<br \/>\nNuestro tel\u00e9fono de contacto: \u00a0<a href=\"tel:953 10 86 82\">953 10 86 82<\/a><\/p>\n<p>Nuestra direcci\u00f3n de correo electr\u00f3nico de contacto:\u00a0 administracion@luisveraoposiciones.com<\/p>\n<p>Nuestra p\u00e1gina web: https:\/\/luisveraoposiciones.com\/matriculas<\/p>\n<p>Para su confianza y seguridad, le informamos que somos una entidad inscrita en el siguiente Registro Mercantil \/Registro P\u00fablico:<\/p>\n<p>Estamos a su disposici\u00f3n, no dude en contactar con nosotros.<\/p>\n<h3><strong>\u00bfPara qu\u00e9 vamos a usar sus datos?<\/strong><\/h3>\n<p>Con car\u00e1cter general, sus datos personales ser\u00e1n usados para poder relacionarnos con usted y poder prestarle nuestros servicios.<br \/>\nAsimismo, tambi\u00e9n pueden ser usados para otras actividades, como enviarle publicidad o promocionar nuestras actividades.<\/p>\n<h3><strong>\u00bfPor qu\u00e9 necesitamos usar sus datos?<\/strong><\/h3>\n<p>Sus datos personales son necesarios para poder relacionarnos con usted y poder prestarle nuestros servicios. En este sentido, pondremos a su disposici\u00f3n una serie de casillas que le permitir\u00e1n decidir de manera clara y sencilla sobre el uso de su informaci\u00f3n personal.<\/p>\n<h3><strong>\u00bfQui\u00e9n va a conocer la informaci\u00f3n que le pedimos?<\/strong><\/h3>\n<p>Con car\u00e1cter general, s\u00f3lo el personal de nuestra entidad que est\u00e9 debidamente autorizado podr\u00e1 tener conocimiento de la informaci\u00f3n que le pedimos.<br \/>\nDe igual modo, podr\u00e1n tener conocimiento de su informaci\u00f3n personal aquellas entidades que necesiten tener acceso a la misma para que podamos prestarle nuestros servicios. As\u00ed por ejemplo, nuestro banco conocer\u00e1 sus datos si el pago de nuestros servicios se realiza mediante tarjeta o transferencia bancaria.<\/p>\n<p>Asimismo, tendr\u00e1n conocimiento de su informaci\u00f3n aquellas entidades p\u00fablicas o privadas a las cuales estemos obligados a facilitar sus datos personales con motivo del cumplimiento de alguna ley. Poni\u00e9ndole un ejemplo, la Ley Tributaria obliga a facilitar a la Agencia Tributaria determinada informaci\u00f3n sobre operaciones econ\u00f3micas que superen una determinada cantidad.<br \/>\nEn el caso de que, al margen de los supuestos comentados, necesitemos dar a conocer\u00a0 su informaci\u00f3n personal a otras entidades, le solicitaremos previamente su permiso a trav\u00e9s de opciones claras que le permitir\u00e1n decidir a este respecto.<\/p>\n<h3><strong>\u00bfC\u00f3mo vamos a proteger sus datos?<\/strong><\/h3>\n<p>Protegeremos sus datos con medidas de seguridad eficaces en funci\u00f3n de los riesgos que conlleve el uso de su informaci\u00f3n.<br \/>\nPara ello, nuestra entidad ha aprobado una Pol\u00edtica de Protecci\u00f3n de Datos y se realizan controles y auditor\u00edas anuales para verificar que sus datos personales est\u00e1n seguros en todo momento.<\/p>\n<h3><strong>\u00bfEnviaremos sus datos a otros pa\u00edses?<\/strong><\/h3>\n<p>En el mundo hay pa\u00edses que son seguros para sus datos y otros que no lo son tanto. As\u00ed por ejemplo, la Uni\u00f3n Europea es un entorno seguro para sus datos. Nuestra pol\u00edtica es no enviar su informaci\u00f3n personal a ning\u00fan pa\u00eds que no sea seguro desde el punto de vista de la protecci\u00f3n de sus datos.<br \/>\nEn el caso de que, con motivo de prestarle el servicio, sea imprescindible enviar sus datos a un pa\u00eds que no sea tan seguro como Espa\u00f1a, siempre le solicitaremos previamente su permiso y aplicaremos medidas de seguridad eficaces que reduzcan los riesgos del env\u00edo de su informaci\u00f3n personal a otro pa\u00eds.<\/p>\n<h3><strong>\u00bfDurante cu\u00e1nto tiempo vamos a conservar sus datos?<\/strong><\/h3>\n<p>Conservaremos sus datos durante nuestra relaci\u00f3n y mientras nos obliguen las leyes. Una vez finalizados los plazos legales aplicables, procederemos a eliminarlos de forma segura y respetuosa con el medio ambiente.<\/p>\n<h3><strong>\u00bfCu\u00e1les son sus derechos de protecci\u00f3n de datos?<\/strong><\/h3>\n<p>En cualquier momento puede dirigirse a nosotros para saber qu\u00e9 informaci\u00f3n tenemos sobre usted, rectificarla si fuese incorrecta y eliminarla una vez finalizada nuestra relaci\u00f3n, en el caso de que ello sea legalmente posible.<br \/>\nTambi\u00e9n tiene derecho a solicitar el traspaso de su informaci\u00f3n a otra entidad. Este derecho se llama \u201cportabilidad\u201d y puede ser \u00fatil en determinadas situaciones.<br \/>\nPara solicitar alguno de estos derechos, deber\u00e1 realizar una solicitud escrita a nuestra direcci\u00f3n, junto con una fotocopia de su DNI, para poder identificarle.<br \/>\nEn las oficinas de nuestra entidad disponemos de formularios espec\u00edficos para solicitar dichos derechos y le ofrecemos nuestra ayuda para su cumplimentaci\u00f3n.<br \/>\nPara saber m\u00e1s sobre sus derechos de protecci\u00f3n de datos, puede consultar la\u00a0 p\u00e1gina web de la Agencia Espa\u00f1ola de Protecci\u00f3n de Datos (www.agpd.es).<\/p>\n<h3><strong>\u00bfPuede retirar su consentimiento si cambia de opini\u00f3n en un momento posterior?<\/strong><\/h3>\n<p>Usted puede retirar su consentimiento si cambia de opini\u00f3n sobre el uso de sus datos en cualquier momento.<br \/>\nAs\u00ed por ejemplo, si usted en su d\u00eda estuvo interesado\/a en recibir publicidad de nuestros productos o servicios, pero ya no desea recibir m\u00e1s publicidad, puede hac\u00e9rnoslo constar a trav\u00e9s del formulario de oposici\u00f3n al tratamiento disponible en las oficinas de nuestra entidad.<\/p>\n<h3><strong>En caso de que entienda que sus derechos han sido desatendidos, \u00bfd\u00f3nde puede formular una reclamaci\u00f3n?<\/strong><\/h3>\n<p>En caso de que entienda que sus derechos han sido desatendidos por nuestra entidad, puede formular una reclamaci\u00f3n en la Agencia Espa\u00f1ola de Protecci\u00f3n de Datos, a trav\u00e9s de alguno de los medios siguientes:<br \/>\nSede electr\u00f3nica: www.agpd.es<\/p>\n<p>Direcci\u00f3n postal: Agencia Espa\u00f1ola de Protecci\u00f3n de Datos\u00a0C\/ Jorge Juan, 6 28001-Madrid<\/p>\n<p>V\u00eda telef\u00f3nica: Telf. 901 100 099\u00a0Telf. 91 266 35 17<\/p>\n<p>Formular una reclamaci\u00f3n en la Agencia Espa\u00f1ola de Protecci\u00f3n de Datos no conlleva ning\u00fan coste y no es necesaria la asistencia de abogado ni procurador.<\/p>\n<h3><strong>\u00bfElaboraremos perfiles sobre usted?<\/strong><\/h3>\n<p>Nuestra pol\u00edtica es no elaborar perfiles sobre los usuarios de nuestros servicios.<br \/>\nNo obstante, pueden existir situaciones en las que, con fines de prestaci\u00f3n del servicio, comerciales o de otro tipo, necesitemos elaborar perfiles de informaci\u00f3n sobre usted. Un ejemplo pudiera ser la utilizaci\u00f3n de su historial de compras o servicios para poder ofrecerle productos o servicios adaptados a sus gustos o necesidades.<br \/>\nEn tal caso, aplicaremos medidas de seguridad eficaces que protejan su informaci\u00f3n en todo momento de personas no autorizadas que pretendan utilizarla en su propio beneficio.<\/p>\n<h3><strong>\u00bfUsaremos sus datos para otros fines?<\/strong><\/h3>\n<p>Nuestra pol\u00edtica es no usar sus datos para otras finalidades distintas a las que le hemos explicado. Si, no obstante, necesit\u00e1semos usar sus datos para actividades distintas, siempre le solicitaremos previamente su permiso a trav\u00e9s de opciones claras que le permitir\u00e1n decidir al respecto.<\/p>\n","protected":false},"excerpt":{"rendered":"<p>Responsable del tratamiento LUIS VERA OPOSICIONES SL Direcci\u00f3n del responsable Avda. de Linares, 21-2\u00ba B Finalidad Sus datos ser\u00e1n usados para poder atender sus solicitudes y prestarle nuestros servicios. Publicidad Solo le enviaremos publicidad con su autorizaci\u00f3n previa, que podr\u00e1 facilitarnos mediante la casilla correspondiente establecida al efecto. Legitimaci\u00f3n \u00danicamente trataremos sus datos con su [&hellip;]<\/p>\n","protected":false},"author":1,"featured_media":0,"parent":0,"menu_order":0,"comment_status":"closed","ping_status":"open","template":"","meta":{"site-sidebar-layout":"default","site-content-layout":"default","ast-site-content-layout":"default","site-content-style":"default","site-sidebar-style":"default","ast-global-header-display":"","ast-banner-title-visibility":"","ast-main-header-display":"","ast-hfb-above-header-display":"","ast-hfb-below-header-display":"","ast-hfb-mobile-header-display":"","site-post-title":"","ast-breadcrumbs-content":"","ast-featured-img":"","footer-sml-layout":"","theme-transparent-header-meta":"default","adv-header-id-meta":"","stick-header-meta":"","header-above-stick-meta":"","header-main-stick-meta":"","header-below-stick-meta":"","astra-migrate-meta-layouts":"default","ast-page-background-enabled":"default","ast-page-background-meta":{"desktop":{"background-color":"","background-image":"","background-repeat":"repeat","background-position":"center center","background-size":"auto","background-attachment":"scroll","background-type":"","background-media":"","overlay-type":"","overlay-color":"","overlay-opacity":"","overlay-gradient":""},"tablet":{"background-color":"","background-image":"","background-repeat":"repeat","background-position":"center center","background-size":"auto","background-attachment":"scroll","background-type":"","background-media":"","overlay-type":"","overlay-color":"","overlay-opacity":"","overlay-gradient":""},"mobile":{"background-color":"","background-image":"","background-repeat":"repeat","background-position":"center center","background-size":"auto","background-attachment":"scroll","background-type":"","background-media":"","overlay-type":"","overlay-color":"","overlay-opacity":"","overlay-gradient":""}},"ast-content-background-meta":{"desktop":{"background-color":"var(--ast-global-color-5)","background-image":"","background-repeat":"repeat","background-position":"center center","background-size":"auto","background-attachment":"scroll","background-type":"","background-media":"","overlay-type":"","overlay-color":"","overlay-opacity":"","overlay-gradient":""},"tablet":{"background-color":"var(--ast-global-color-5)","background-image":"","background-repeat":"repeat","background-position":"center center","background-size":"auto","background-attachment":"scroll","background-type":"","background-media":"","overlay-type":"","overlay-color":"","overlay-opacity":"","overlay-gradient":""},"mobile":{"background-color":"var(--ast-global-color-5)","background-image":"","background-repeat":"repeat","background-position":"center center","background-size":"auto","background-attachment":"scroll","background-type":"","background-media":"","overlay-type":"","overlay-color":"","overlay-opacity":"","overlay-gradient":""}}},"_links":{"self":[{"href":"https:\/\/luisveraoposiciones.com\/matriculas\/wp-json\/wp\/v2\/pages\/3"}],"collection":[{"href":"https:\/\/luisveraoposiciones.com\/matriculas\/wp-json\/wp\/v2\/pages"}],"about":[{"href":"https:\/\/luisveraoposiciones.com\/matriculas\/wp-json\/wp\/v2\/types\/page"}],"author":[{"embeddable":true,"href":"https:\/\/luisveraoposiciones.com\/matriculas\/wp-json\/wp\/v2\/users\/1"}],"replies":[{"embeddable":true,"href":"https:\/\/luisveraoposiciones.com\/matriculas\/wp-json\/wp\/v2\/comments?post=3"}],"version-history":[{"count":4,"href":"https:\/\/luisveraoposiciones.com\/matriculas\/wp-json\/wp\/v2\/pages\/3\/revisions"}],"predecessor-version":[{"id":1035,"href":"https:\/\/luisveraoposiciones.com\/matriculas\/wp-json\/wp\/v2\/pages\/3\/revisions\/1035"}],"wp:attachment":[{"href":"https:\/\/luisveraoposiciones.com\/matriculas\/wp-json\/wp\/v2\/media?parent=3"}],"curies":[{"name":"wp","href":"https:\/\/api.w.org\/{rel}","templated":true}]}}